{"id":24,"date":"2019-02-25T10:12:21","date_gmt":"2019-02-25T09:12:21","guid":{"rendered":""},"modified":"2026-04-24T12:39:09","modified_gmt":"2026-04-24T10:39:09","slug":"about-us","status":"publish","type":"page","link":"https:\/\/bebypreeminence.com\/it\/about-us\/","title":{"rendered":"Azienda"},"content":{"rendered":"<style>\n.beby-about-hero {<br \/>\n  position: relative;<br \/>\n  background-size: cover;<br \/>\n  background-position: center center;<br \/>\n  background-repeat: no-repeat;<br \/>\n  color: #ffffff;<br \/>\n  overflow: hidden;<br \/>\n}<\/p>\n<p>.beby-about-overlay {<br \/>\n  position: absolute;<br \/>\n  inset: 0;<br \/>\n  background: rgba(10, 10, 10, 0.58);<br \/>\n  z-index: 1;<br \/>\n}<\/p>\n<p>.beby-about-content {<br \/>\n  position: relative;<br \/>\n  z-index: 2;<br \/>\n  padding: 110px 24px;<br \/>\n  text-align: center;<br \/>\n}<\/p>\n<p>.beby-eyebrow {<br \/>\n  letter-spacing: 2px;<br \/>\n  text-transform: uppercase;<br \/>\n  font-size: 12px;<br \/>\n  color: #ccaf73;<br \/>\n  margin-bottom: 18px;<br \/>\n}<\/p>\n<p>.beby-about-title {<br \/>\n  font-size: clamp(36px, 5vw, 60px);<br \/>\n  line-height: 1.12;<br \/>\n  color: #ffffff;<br \/>\n  max-width: 980px;<br \/>\n  margin: 0 auto 24px auto;<br \/>\n  font-weight: 400;<br \/>\n}<\/p>\n<p>.beby-about-subtitle {<br \/>\n  max-width: 900px;<br \/>\n  margin: 0 auto;<br \/>\n  font-size: clamp(18px, 2vw, 22px);<br \/>\n  line-height: 1.8;<br \/>\n  color: #e3e3e3;<br \/>\n}<\/p>\n<p>.beby-section {<br \/>\n  padding: 75px 24px;<br \/>\n  text-align: center;<br \/>\n}<\/p>\n<p>.beby-section-dark {<br \/>\n  background: #0f0f0f;<br \/>\n  color: #ffffff;<br \/>\n}<\/p>\n<p>.beby-section h2 {<br \/>\n  font-size: clamp(30px, 4vw, 42px);<br \/>\n  line-height: 1.3;<br \/>\n  color: #1a1a1a;<br \/>\n  max-width: 920px;<br \/>\n  margin: 0 auto 24px auto;<br \/>\n  font-weight: 400;<br \/>\n}<\/p>\n<p>.beby-section-dark h2 {<br \/>\n  color: #ffffff;<br \/>\n}<\/p>\n<p>.beby-section p {<br \/>\n  max-width: 920px;<br \/>\n  margin: 0 auto;<br \/>\n  font-size: 18px;<br \/>\n  line-height: 1.85;<br \/>\n  color: #555555;<br \/>\n}<\/p>\n<p>.beby-section-dark p {<br \/>\n  color: #d8d8d8;<br \/>\n}<\/p>\n<p>.beby-half {<br \/>\n  padding: 70px 30px;<br \/>\n}<\/p>\n<p>.beby-half img {<br \/>\n  width: 100%;<br \/>\n  max-width: 520px;<br \/>\n  display: block;<br \/>\n  margin: 0 auto;<br \/>\n}<\/p>\n<p>.beby-quote {<br \/>\n  font-size: 18px;<br \/>\n  line-height: 1.85;<br \/>\n  color: #555555;<br \/>\n}<\/p>\n<p>.beby-full-image img {<br \/>\n  width: 100%;<br \/>\n  display: block;<br \/>\n}<\/p>\n<p>.beby-signature {<br \/>\n  max-width: 420px;<br \/>\n  width: 100%;<br \/>\n  height: auto;<br \/>\n}<\/p>\n<p>.beby-cta {<br \/>\n  position: relative;<br \/>\n  background-size: cover;<br \/>\n  background-position: center center;<br \/>\n  background-repeat: no-repeat;<br \/>\n  color: #ffffff;<br \/>\n  overflow: hidden;<br \/>\n}<\/p>\n<p>.beby-button {<br \/>\n  display: inline-block;<br \/>\n  border: 1px solid #ccaf73;<br \/>\n  padding: 15px 28px;<br \/>\n  color: #ffffff;<br \/>\n  text-decoration: none;<br \/>\n  letter-spacing: 1.2px;<br \/>\n  text-transform: uppercase;<br \/>\n  font-size: 11px;<br \/>\n  transition: all 0.3s ease;<br \/>\n}<\/p>\n<p>.beby-button:hover {<br \/>\n  background: #ccaf73;<br \/>\n  color: #111111 !important;<br \/>\n}<\/p>\n<p>@media (max-width: 768px) {<br \/>\n  .beby-about-content {<br \/>\n    padding: 80px 22px;<br \/>\n  }<\/p>\n<p>  .beby-section {<br \/>\n    padding: 55px 22px;<br \/>\n  }<\/p>\n<p>  .beby-half {<br \/>\n    padding: 35px 22px;<br \/>\n  }<\/p>\n<p>  .beby-section p,<br \/>\n  .beby-quote {<br \/>\n    font-size: 16px;<br \/>\n    line-height: 1.75;<br \/>\n  }<br \/>\n}<br \/>\n<\/style>\n<p><!-- HERO ABOUT --><\/p>\n<div class=\"grid-container grid-parent\">\n<div class=\"grid-100 grid-parent\" style=\"position: relative; background-image: url('https:\/\/bebypreeminence.com\/wp-content\/uploads\/2019\/03\/beby_italy_famiglia_fondatrice.jpg'); background-size: cover; background-position: center center; background-repeat: no-repeat; color: #ffffff; overflow: hidden;\">\n<div style=\"position: absolute; inset: 0; background: rgba(10,10,10,0.58); z-index: 1;\"><\/div>\n<div style=\"position: relative; z-index: 2; padding: 110px 24px; text-align: center;\">\n<p style=\"letter-spacing: 2px; text-transform: uppercase; font-size: 12px; color: #ccaf73; margin-bottom: 18px;\">Since 1960<\/p>\n<h1 style=\"font-size: clamp(36px, 5vw, 60px); line-height: 1.12; color: #ffffff; max-width: 980px; margin: 0 auto 24px auto; font-weight: 400;\">Beby, dal 1960<\/h1>\n<p style=\"max-width: 900px; margin: 0 auto; font-size: clamp(18px, 2vw, 22px); line-height: 1.8; color: #e3e3e3;\">Una storia di artigianalit\u00e0 italiana, visione creativa e luce su misura.<\/p>\n<\/div>\n<\/div>\n<\/div>\n<p><!-- INTRO STORIA --><\/p>\n<div class=\"grid-container grid-parent\">\n<div class=\"grid-100 grid-parent\" style=\"padding: 75px 24px 45px 24px; text-align: center;\">\n<p style=\"letter-spacing: 2px; text-transform: uppercase; font-size: 12px; color: #ccaf73; margin-bottom: 18px;\">La nostra storia<\/p>\n<h2 style=\"font-size: clamp(30px, 4vw, 42px); line-height: 1.3; color: #1a1a1a; max-width: 920px; margin: 0 auto 24px auto; font-weight: 400;\">Una maison della luce nata dalla passione per l\u2019arte e l\u2019artigianalit\u00e0 italiana<\/h2>\n<p style=\"max-width: 920px; margin: 0 auto; font-size: 18px; line-height: 1.85; color: #555;\">La nascita di Beby attraversa la storia di una vita: quella di Gabriella Bertotti, chiamata affettuosamente Beby sin da bambina, e della sua capacit\u00e0 di trasformare tecnica, sensibilit\u00e0 decorativa e tradizione muranese in creazioni luminose uniche.<\/p>\n<\/div>\n<\/div>\n<p><!-- FONDATRICE --><\/p>\n<div class=\"grid-container grid-parent\">\n<div class=\"grid-50\" style=\"padding: 30px;\"><img decoding=\"async\" style=\"width: 100%; max-width: 520px; display: block; margin: 0 auto;\" src=\"https:\/\/bebypreeminence.com\/wp-content\/uploads\/2019\/03\/sergio_e_beby.jpg\" alt=\"Sergio e Beby\" \/><\/div>\n<div class=\"grid-50\" style=\"padding: 30px;\">\n<p style=\"letter-spacing: 2px; text-transform: uppercase; font-size: 12px; color: #ccaf73; margin-bottom: 18px;\">Origins<\/p>\n<h2 style=\"font-size: clamp(28px, 4vw, 38px); line-height: 1.3; color: #1a1a1a; font-weight: 400; margin-bottom: 22px;\">Dal laboratorio artigianale alla creazione di un\u2019identit\u00e0<\/h2>\n<p style=\"font-size: 18px; line-height: 1.85; color: #555;\">\u00abHo cominciato a creare lampadari in stile Mariateresa quando avevo 15 anni e lavoravo in una piccola azienda a Murano, dove ho conosciuto mio marito Sergio Soffiato.\u00bb<\/p>\n<p style=\"font-size: 18px; line-height: 1.85; color: #555;\">In un piccolo laboratorio artigianale nacquero le prime collezioni firmate Beby. Da allora, il lampadario classico e decorativo \u00e8 rimasto al centro di una ricerca fondata su valori precisi: artigianalit\u00e0, su misura e desiderio di esaudire le esigenze pi\u00f9 personali della clientela.<\/p>\n<\/div>\n<\/div>\n<p><!-- SECONDA GENERAZIONE --><\/p>\n<div class=\"grid-container grid-parent\" style=\"background: #0f0f0f; color: #ffffff;\">\n<div class=\"grid-50\" style=\"padding: 70px 30px;\">\n<p style=\"letter-spacing: 2px; text-transform: uppercase; font-size: 12px; color: #ccaf73; margin-bottom: 18px;\">Evolution<\/p>\n<h2 style=\"font-size: clamp(28px, 4vw, 38px); line-height: 1.3; color: #ffffff; font-weight: 400; margin-bottom: 22px;\">Una tradizione trasformata in visione contemporanea<\/h2>\n<p style=\"font-size: 18px; line-height: 1.85; color: #d8d8d8;\">Massimo Soffiato rappresenta il trait d\u2019union tra due generazioni: da testimone della storia dell\u2019azienda ad artefice di un progetto manageriale capace di trasformare Beby in una realt\u00e0 moderna, mantenendo intatto il legame con il prestigio della tradizione.<\/p>\n<p style=\"font-size: 18px; line-height: 1.85; color: #d8d8d8;\">La sua visione ha aperto la strada a nuove contaminazioni estetiche e a un dialogo pi\u00f9 ampio tra decorazione classica, design contemporaneo e progetti su misura.<\/p>\n<\/div>\n<div class=\"grid-50\" style=\"padding: 70px 30px;\"><img decoding=\"async\" style=\"width: 100%; max-width: 520px; display: block; margin: 0 auto;\" src=\"https:\/\/bebypreeminence.com\/wp-content\/uploads\/2019\/03\/massimo_soffiato_beby_italy.jpg\" alt=\"Massimo Soffiato\" \/><\/div>\n<\/div>\n<p><!-- DESIGNER --><\/p>\n<div class=\"grid-container grid-parent\" style=\"background: #0f0f0f; color: #ffffff;\">\n<div class=\"grid-100 grid-parent\" style=\"padding: 75px 24px 45px 24px; text-align: center;\">\n<p style=\"letter-spacing: 2px; text-transform: uppercase; font-size: 12px; color: #ccaf73; margin-bottom: 18px;\">Design Direction<\/p>\n<h2 style=\"font-size: clamp(30px, 4vw, 42px); line-height: 1.3; color: #ffffff; max-width: 920px; margin: 0 auto 24px auto; font-weight: 400;\">Una nuova identit\u00e0 attraverso il design<\/h2>\n<p style=\"max-width: 920px; margin: 0 auto; font-size: 18px; line-height: 1.85; color: #d8d8d8;\">Grazie al contributo decisivo dell\u2019Art Director e Designer Silvia Broggian, la linea Beby si arricchisce di una nuova identit\u00e0, in cui essenzialit\u00e0, sofisticazione e ricerca estetica diventano chiavi di sviluppo.<\/p>\n<\/div>\n<div class=\"grid-100 grid-parent\"><img decoding=\"async\" style=\"width: 100%; display: block;\" src=\"https:\/\/bebypreeminence.com\/wp-content\/uploads\/2019\/03\/silvia_broggian_cantiere.jpg\" alt=\"Silvia Broggian\" \/><\/div>\n<div class=\"grid-100 grid-parent\" style=\"padding: 55px 24px 35px 24px; text-align: center;\">\n<p style=\"max-width: 920px; margin: 0 auto; font-size: 18px; line-height: 1.85; color: #d8d8d8;\">L\u2019esperienza nell\u2019ambito della moda e la capacit\u00e0 di interpretare le nuove tendenze permettono di leggere la luce come parte di uno stile di vita coordinato, sofisticato e profondamente personale.<\/p>\n<\/div>\n<div class=\"grid-100 grid-parent\" style=\"padding: 20px 24px 70px 24px; text-align: center;\"><img decoding=\"async\" style=\"max-width: 420px; width: 100%; height: auto;\" src=\"https:\/\/bebypreeminence.com\/wp-content\/uploads\/2019\/05\/firma-Silvia-per-web.jpg\" alt=\"Firma Silvia Broggian\" \/><\/div>\n<\/div>\n<p><!-- BESPOKE PROJECTS --><\/p>\n<div class=\"grid-container grid-parent\">\n<div class=\"grid-100 grid-parent\" style=\"padding: 80px 24px 75px 24px; text-align: center;\">\n<p style=\"letter-spacing: 2px; text-transform: uppercase; font-size: 12px; color: #ccaf73; margin-bottom: 18px;\">Bespoke Vision<\/p>\n<h2 style=\"font-size: clamp(30px, 4vw, 42px); line-height: 1.3; color: #1a1a1a; max-width: 920px; margin: 0 auto 24px auto; font-weight: 400;\">Dalla luce al progetto completo su misura<\/h2>\n<p style=\"max-width: 960px; margin: 0 auto; font-size: 18px; line-height: 1.85; color: #555;\">Negli ultimi anni Beby si \u00e8 specializzata nella produzione e realizzazione di arredamenti su misura e personalizzati. La sfida pi\u00f9 grande \u00e8 oggi la realizzazione di progetti completi chiavi in mano, con soluzioni utili e adatte alle aspettative di ogni cliente.<\/p>\n<p style=\"max-width: 960px; margin: 24px auto 0 auto; font-size: 18px; line-height: 1.85; color: #555;\">Il team di esperti tecnici e creativi collabora con maison italiane di tessuti, carte da parati, tende e accessori preziosi, creando percorsi di customizzazione totale a 360 gradi.<\/p>\n<\/div>\n<\/div>\n<p><!-- CTA FINALE --><\/p>\n<div class=\"grid-container grid-parent\">\n<div class=\"grid-100 grid-parent\" style=\"position: relative; background-image: url('https:\/\/bebypreeminence.com\/wp-content\/uploads\/2026\/04\/8a1f3b3a-9cc2-4b71-b444-a536e5135d66.png'); background-size: cover; background-position: center center; background-repeat: no-repeat; color: #ffffff; overflow: hidden;\">\n<div style=\"position: absolute; inset: 0; background: rgba(10,10,10,0.62); z-index: 1;\"><\/div>\n<div style=\"position: relative; z-index: 2; padding: 85px 24px; text-align: center;\">\n<p style=\"letter-spacing: 2px; text-transform: uppercase; font-size: 12px; color: #ccaf73; margin-bottom: 18px;\">Start a Project<\/p>\n<h2 style=\"font-size: clamp(30px, 4vw, 42px); line-height: 1.3; color: #ffffff; margin: 0 0 20px 0; font-weight: 400;\">Porta la visione Beby nel tuo progetto<\/h2>\n<p style=\"max-width: 850px; margin: 0 auto; font-size: 18px; line-height: 1.8; color: #e3e3e3;\">Raccontaci il tuo spazio: ti accompagneremo nella scelta o nello sviluppo di una soluzione luminosa su misura.<\/p>\n<div style=\"margin-top: 34px;\"><a style=\"display: inline-block; border: 1px solid #ccaf73; padding: 15px 28px; color: #ffffff; text-decoration: none; letter-spacing: 1.2px; text-transform: uppercase; font-size: 11px;\" href=\"https:\/\/bebypreeminence.com\/it\/contact\/\"><br \/>\nAvvia il tuo progetto<br \/>\n<\/a><\/div>\n<p style=\"font-size: 12px; margin-top: 18px; color: #cfcfcf; letter-spacing: 1px;\">Risposta entro 24 ore<\/p>\n<\/div>\n<\/div>\n<\/div>\n","protected":false},"excerpt":{"rendered":"<p>Since 1960 Beby, dal 1960 Una storia di artigianalit\u00e0 italiana, visione creativa e luce su misura. La nostra storia Una maison della luce nata dalla passione per l\u2019arte e l\u2019artigianalit\u00e0 italiana La nascita di Beby attraversa la storia di una vita: quella di Gabriella Bertotti, chiamata affettuosamente Beby sin da bambina, e della sua capacit\u00e0 &#8230; <a title=\"Azienda\" class=\"read-more\" href=\"https:\/\/bebypreeminence.com\/it\/about-us\/\">Read more<\/a><\/p>\n","protected":false},"author":1,"featured_media":0,"parent":0,"menu_order":1,"comment_status":"closed","ping_status":"closed","template":"","meta":{"footnotes":""},"aioseo_notices":[],"_links":{"self":[{"href":"https:\/\/bebypreeminence.com\/it\/wp-json\/wp\/v2\/pages\/24"}],"collection":[{"href":"https:\/\/bebypreeminence.com\/it\/wp-json\/wp\/v2\/pages"}],"about":[{"href":"https:\/\/bebypreeminence.com\/it\/wp-json\/wp\/v2\/types\/page"}],"author":[{"embeddable":true,"href":"https:\/\/bebypreeminence.com\/it\/wp-json\/wp\/v2\/users\/1"}],"replies":[{"embeddable":true,"href":"https:\/\/bebypreeminence.com\/it\/wp-json\/wp\/v2\/comments?post=24"}],"version-history":[{"count":6,"href":"https:\/\/bebypreeminence.com\/it\/wp-json\/wp\/v2\/pages\/24\/revisions"}],"predecessor-version":[{"id":16513,"href":"https:\/\/bebypreeminence.com\/it\/wp-json\/wp\/v2\/pages\/24\/revisions\/16513"}],"wp:attachment":[{"href":"https:\/\/bebypreeminence.com\/it\/wp-json\/wp\/v2\/media?parent=24"}],"curies":[{"name":"wp","href":"https:\/\/api.w.org\/{rel}","templated":true}]}}